{"id":1662,"date":"2022-02-24T14:11:37","date_gmt":"2022-02-24T14:11:37","guid":{"rendered":"https:\/\/digital4all-project.eu\/home\/"},"modified":"2025-03-26T08:49:05","modified_gmt":"2025-03-26T08:49:05","slug":"home","status":"publish","type":"page","link":"https:\/\/digital4all-project.eu\/sv\/","title":{"rendered":"Home"},"content":{"rendered":"<p><img decoding=\"async\" src=\"\/wp-content\/uploads\/2023\/12\/slog-1.svg\" alt=\"\"><br \/>\n<img decoding=\"async\" src=\"\/wp-content\/uploads\/2023\/06\/logoooo.svg\" alt=\"\"><br \/>\n<a href=\"#modal-contact\"><img decoding=\"async\" src=\"\/wp-content\/uploads\/2023\/12\/contact-1.svg\" alt=\"\"><\/a><br \/>\n<a href=\"https:\/\/digital4all-project.eu\/elearning\/courses\/digital4all-learning-course\/\"><img decoding=\"async\" src=\"\/wp-content\/uploads\/2023\/12\/elearning-1.svg\" alt=\"\"><\/a><br \/>\n<a href=\"#modal-toolkit\"><img decoding=\"async\" src=\"\/wp-content\/uploads\/2023\/12\/toolkit-1.svg\" alt=\"\"><\/a><br \/>\n<a href=\"#modal-about\"><img decoding=\"async\" src=\"\/wp-content\/uploads\/2023\/12\/about-1.svg\" alt=\"\"><\/a><br \/>\n<a href=\"#modal-partners\"><img decoding=\"async\" src=\"\/wp-content\/uploads\/2023\/12\/partners-1.svg\" alt=\"\"><\/a><br \/>\n<a href=\"#modal-news\"><img decoding=\"async\" src=\"\/wp-content\/uploads\/2023\/12\/news-1.svg\" alt=\"\"><\/a><\/p>\n<div>\n<div id=\"modal-about\" class=\"info-modals uk-flex-top\" uk-modal>\n<div class=\"uk-modal-dialog uk-modal-body uk-margin-auto-vertical\">\n<p>        <button class=\"uk-modal-close-default\" type=\"button\" uk-close><\/button><\/p>\n<div class=\"uk-modal-header\">\n<h2 class=\"uk-modal-title\">Om<\/h2>\n<p>          <img decoding=\"async\" src=\"\/wp-content\/uploads\/2023\/06\/modal-about.svg\">\n        <\/div>\n<div class=\"uk-modal-body\">\n<h3 class=\"subhm\">Projektintroduktion<\/h3>\n<p>Fr\u00e4mja ungdomsarbetares f\u00f6rst\u00e5else f\u00f6r och beredskap att fr\u00e4mja unga migranters digitala kompetens och mediekompetens genom kritiskt t\u00e4nkande och motivation.<\/p>\n<h3 class=\"subhm\">\u00d6versikt<\/h3>\n<p>Projektet \u00e4r baserat p\u00e5 ett tidigare projekt, koordinerat av KulturLife: TeDiCom (2019-1-DE02-KA204-006083). Detta projekt syftar till att arbeta med en m\u00e5ngsidig grupp av europeiska partner om hur man kan fr\u00e4mja digital kompetens p\u00e5 ett s\u00e4tt som g\u00f6r samh\u00e4llen motst\u00e5ndskraftiga mot falska nyheter och hatpropaganda. Det viktigaste resultatet av v\u00e5rt projekt \u00e4r att den fr\u00e4msta orsaken till spridningen av falska nyheter inte \u00e4r en brist p\u00e5 teknisk digital kompetens, utan en brist p\u00e5 digital kompetens, och framf\u00f6r allt en brist p\u00e5 motivation att ifr\u00e5gas\u00e4tta digitalt \u00f6verf\u00f6rd information. Vi anser att detta behov inte bara p\u00e5verkar ungdomar och unga vuxna, utan \u00e4ven l\u00e4rare och ungdomsarbetare. D\u00e4rf\u00f6r har vi utvecklat detta nya projekt f\u00f6r att specifikt ta itu med detta problem p\u00e5 ett konceptuellt och praktiskt s\u00e4tt f\u00f6r ungdomsarbetare. Vi valde unga migranter och flyktingar som m\u00e5lgrupp eftersom de \u00e4r i riskzonen och sannolikt kommer att vara involverade i initiativ f\u00f6r icke-formellt\/formellt ungdomsarbete.<\/p>\n<h3 class=\"subhm\">Syfte<\/h3>\n<p>Detta projekt syftar till att tillhandah\u00e5lla resurser f\u00f6r att f\u00f6rb\u00e4ttra kvaliteten och innovationen hos ungdomsarbetares initiativ f\u00f6r att fr\u00e4mja utvecklingen av unga migranters digitala beredskap, med fokus p\u00e5 kritiskt t\u00e4nkande f\u00f6r digital, informations- och mediekunskap f\u00f6r att st\u00f6dja unga migranter som nyligen har anl\u00e4nt till europeiska l\u00e4nder.<\/p>\n<h3 class=\"subhm\">M\u00e5ls\u00e4ttningar<br \/>\n<\/h3>\n<p>Huvudsyftet med detta projekt \u00e4r att fr\u00e4mja ungdomsarbetares f\u00f6rst\u00e5else f\u00f6r och beredskap att fr\u00e4mja unga migranters digitala \/ informations- \/ mediekunskaper genom kritiskt t\u00e4nkande och motivation, vilket p\u00e5verkar integrationsprocesser. Specifikt syftar det till att:<\/p>\n<p>\n1. Bekanta ungdomsarbetare med digital kompetens och dess koppling till kritiskt t\u00e4nkande<\/p>\n<p>\n2. F\u00f6rbereda ungdomsarbetare p\u00e5 att bed\u00f6ma unga migranters kritiska t\u00e4nkande, digitala erfarenheter och l\u00e4s- och skrivkunnighet<\/p>\n<p>\n3. Utv\u00e4rdera unga migranters behov och attityder n\u00e4r det g\u00e4ller digital kompetens och kritiskt t\u00e4nkande<\/p>\n<p>\n4. Tillsammans med ungdomsarbetare utveckla ett ramverk f\u00f6r unga migranters utveckling av digital kompetens<\/p>\n<p>\n5. Fr\u00e4mja ungdomsarbetares beredskap att genomf\u00f6ra eLearning-kursen Bygga en digital v\u00e4rld f\u00f6r alla<\/p>\n<p>\n6. Fr\u00e4mja unga migranters kritiska t\u00e4nkande, motivation och digitala\/informations-\/mediekunskaper genom en eLearning-kurs<\/p>\n<h3 class=\"subhm\">Utg\u00e5ngar<\/h3>\n<p>Det viktigaste resultatet \u00e4r ungdomsarbetarnas \u00f6kade kompetens n\u00e4r det g\u00e4ller att hantera unga migranter och deras anv\u00e4ndning av digitala medier. Detta m\u00e5l uppn\u00e5s genom en kombination av utbildningsmaterial f\u00f6r ungdomsarbetare och en onlinekurs som de kan anv\u00e4nda i sitt dagliga arbete, med fokus p\u00e5 att fr\u00e4mja m\u00e5lgruppernas motivation att till\u00e4mpa dessa tekniker. Huvudsakliga resultat: Utbildningstillf\u00e4llen f\u00f6r ungdomsarbetare, onlinekursen &#8221;Building a Digital World for All&#8221;, eLearning-plattform och handbok f\u00f6r ungdomsarbetare.<\/p>\n<p>            <!--\n         \n\n<h3 class=\"subhm\">Metodik<\/h3>\n\n\n        \n\n<p>\n          Konsortiet anv\u00e4nder IMPACT+-metoden f\u00f6r att utarbeta denna plan, med h\u00e4nsyn till output (projektresultat), utfall (kortsiktiga och l\u00e5ngsiktiga f\u00f6rdelar), definition av hur effekterna ska uppn\u00e5s efter projektets slut, SMART-indikatorer f\u00f6r att bed\u00f6ma detta och de k\u00e4llor som kommer att tillhandah\u00e5lla data f\u00f6r bed\u00f6mningen.\n\n\n\n <\/p>\n\n -->\n        <\/div>\n<\/p><\/div>\n<\/div>\n<\/div>\n<div>\n<div id=\"modal-partners\" class=\"info-modals uk-flex-top\" uk-modal>\n<div class=\"uk-modal-dialog uk-modal-body uk-margin-auto-vertical\">\n<p>        <button class=\"uk-modal-close-default\" type=\"button\" uk-close><\/button><\/p>\n<div class=\"uk-modal-header\">\n<h2 class=\"uk-modal-title\">Partner<\/h2>\n<p>          <img decoding=\"async\" src=\"\/wp-content\/uploads\/2023\/06\/modal-partners.svg\">\n        <\/div>\n<div class=\"uk-modal-body\">\n            <!-- Parntner 1 --><\/p>\n<h3 class=\"subhm\">KULTURLIFE<\/h3>\n<p>            <a class=\"partner-link\" href=\"https:\/\/kultur-life.de\/\" target=\"_blank\"><br \/>\nwww.kultur-life.de<\/a><\/p>\n<p>\n         Uppdraget f\u00f6r den icke-statliga ungdomsorganisationen KulturLife \u00e4r att underl\u00e4tta och sprida globalt l\u00e4rande som en byggsten f\u00f6r ett fredligt och v\u00e4lm\u00e5ende liv tillsammans i en globaliserad v\u00e4rld&#8230;<\/p>\n<p>             <!-- Parntner 2 --><\/p>\n<h3 class=\"subhm\">RIGHTCHALLENGE<\/h3>\n<p>            <a class=\"partner-link\" href=\"https:\/\/rightchallenge.org\/\" target=\"_blank\"><br \/>\nwww.rightchallenge.org<\/a><\/p>\n<p>\n           Rightchallenge Association \u00e4r en icke-statlig organisation som syftar till att fr\u00e4mja utbildning som ett medel f\u00f6r social integration och lika m\u00f6jligheter&#8230;<\/p>\n<p>             <!-- Parntner 3 --><\/p>\n<h3 class=\"subhm\">CARDET<\/h3>\n<p>            <a class=\"partner-link\" href=\"https:\/\/cardet.org\/\" target=\"_blank\"><br \/>\nwww.cardet.org<\/a><\/p>\n<p>\n          CARDET (Centre for Advancement of Research and Development in Educational Technology) \u00e4r en oberoende, ideell, icke-statlig forsknings- och utvecklingsorganisation med s\u00e4te p\u00e5 Cypern&#8230;<\/p>\n<p>                <!-- Parntner 4 --><\/p>\n<h3 class=\"subhm\">MOBILIZING EXPERTISE AB<\/h3>\n<p>            <a class=\"partner-link\" href=\"https:\/\/mexpert.se\/\" target=\"_blank\"><br \/>\nwww.mexpert.se<\/a><\/p>\n<p>\n         Mobilizing Expertise; ett effektivt svenskt SME f\u00f6r nordiska, europeiska och internationella projekt som grundades 2015. V\u00e5ra huvudsakliga 5 arbetsomr\u00e5den \u00e4r; Tillhandah\u00e5lla utbildning, skapa&#8230;<\/p>\n<p>              <!-- Parntner 5 --><\/p>\n<h3 class=\"subhm\">NON-FORMAL EDUCATION FOR YOUTH<br \/>\n<\/h3>\n<p>            <a class=\"partner-link\" href=\"https:\/\/ngo-nfe4y.com.ua\/\" target=\"_blank\"><br \/>\nwww.ngo-nfe4y.com.ua<br \/>\n<\/a><\/p>\n<p>\n      NGO &#8221;NFE 4Y&#8221; \u00e4r ett viktigt center f\u00f6r att bygga upp sociala ungdomsr\u00f6relser och utbilda ledare f\u00f6r en ny generation&#8230;<\/p>\n<p>             <!-- Parntner 6 --><\/p>\n<h3 class=\"subhm\">IZB (Institut f\u00fcr Zukunft und Bildung)<br \/>\n<\/h3>\n<p>            <a class=\"partner-link\" href=\"https:\/\/www.izb.co.at\/\" target=\"_blank\"><br \/>\nwww.izb.co.at<br \/>\n<\/a><\/p>\n<p>\n     IZB vid handelsh\u00f6gskolan BHAK M\u00fcrzzuschlag \u00e4r en organisation som \u00e4r direkt kopplad till denna skola. P\u00e5 grund av detta \u00e4r alla projekt, s\u00e4rskilt EU-projekt&#8230;<\/p>\n<\/p><\/div>\n<\/p><\/div>\n<\/div>\n<\/div>\n<div>\n<div id=\"modal-toolkit\" class=\"info-modals uk-flex-top\" uk-modal>\n<div class=\"uk-modal-dialog uk-modal-body uk-margin-auto-vertical\">\n<p>        <button class=\"uk-modal-close-default\" type=\"button\" uk-close><\/button><\/p>\n<div class=\"uk-modal-header\">\n<h2 class=\"uk-modal-title\">Toolkit<\/h2>\n<p>          <img decoding=\"async\" src=\"\/wp-content\/uploads\/2023\/06\/modal-toolkit.svg\">\n        <\/div>\n<div class=\"uk-modal-body\">\n            <a href=\"\/wp-content\/uploads\/2025\/03\/Digital4All_Handbook-for-Youth-Workers-Swedish.pdf\" class=\"modal-tool-b\" target=\"_blank\"><img decoding=\"async\" src=\"https:\/\/digital-youth.eu\/wp-content\/uploads\/2023\/12\/handbook1.svg\"><\/a>\n        <\/div>\n<\/p><\/div>\n<\/div>\n<\/div>\n<div>\n<div id=\"modal-elearning\" class=\"info-modals uk-flex-top\" uk-modal>\n<div class=\"uk-modal-dialog uk-modal-body uk-margin-auto-vertical\">\n<p>        <button class=\"uk-modal-close-default\" type=\"button\" uk-close><\/button><\/p>\n<div class=\"uk-modal-header\">\n<h2 class=\"uk-modal-title\">E-l\u00e4rande<\/p>\n<\/h2>\n<p>          <img decoding=\"async\" src=\"\/wp-content\/uploads\/2023\/06\/modal-elearning.svg\">\n        <\/div>\n<div class=\"uk-modal-body\">\n<h3>Kommer snart<\/p>\n<\/h3>\n<p>E-l\u00e4randemilj\u00f6n \u00e4r v\u00e4rd f\u00f6r projektmaterialet och ger medlemmarna tillg\u00e5ng till intressenter, n\u00e4tverksm\u00f6jligheter etc.<\/p>\n<p>            <a href=\"#coming-soon\" class=\"modal-elearn-b\" target=\"_blank\"><img decoding=\"async\" src=\"\/wp-content\/uploads\/2023\/06\/elearning-inner.svg\"><\/a>\n        <\/div>\n<\/p><\/div>\n<\/div>\n<\/div>\n<div>\n<div id=\"modal-contact\" class=\"info-modals uk-flex-top\" uk-modal>\n<div class=\"uk-modal-dialog uk-modal-body uk-margin-auto-vertical\">\n<p>        <button class=\"uk-modal-close-default\" type=\"button\" uk-close><\/button><\/p>\n<div class=\"uk-modal-header\">\n<h2 class=\"uk-modal-title\">Contact<\/h2>\n<p>          <img decoding=\"async\" src=\"\/wp-content\/uploads\/2023\/06\/modal-contact.svg\">\n        <\/div>\n<div class=\"uk-modal-body\">\n            \n<div class=\"wpcf7 no-js\" id=\"wpcf7-f2041-o1\" lang=\"sv-SE\" dir=\"ltr\" data-wpcf7-id=\"2041\">\n<div class=\"screen-reader-response\"><p role=\"status\" aria-live=\"polite\" aria-atomic=\"true\"><\/p> <ul><\/ul><\/div>\n<form action=\"\/sv\/wp-json\/wp\/v2\/pages\/1662#wpcf7-f2041-o1\" method=\"post\" class=\"wpcf7-form init\" aria-label=\"Kontaktformul\u00e4r\" novalidate=\"novalidate\" data-status=\"init\">\n<fieldset class=\"hidden-fields-container\"><input type=\"hidden\" name=\"_wpcf7\" value=\"2041\" \/><input type=\"hidden\" name=\"_wpcf7_version\" value=\"6.1.5\" \/><input type=\"hidden\" name=\"_wpcf7_locale\" value=\"sv_SE\" \/><input type=\"hidden\" name=\"_wpcf7_unit_tag\" value=\"wpcf7-f2041-o1\" \/><input type=\"hidden\" name=\"_wpcf7_container_post\" value=\"0\" \/><input type=\"hidden\" name=\"_wpcf7_posted_data_hash\" value=\"\" \/>\n<\/fieldset>\n<div class=\"wpcf7-turnstile cf-turnstile\" data-sitekey=\"0x4AAAAAACpG_TE6H1GiZ0PM\" data-response-field-name=\"_wpcf7_turnstile_response\"><\/div>\n\n<div class=\"uk-margin\">\n\t<p><span class=\"wpcf7-form-control-wrap\" data-name=\"your-name\"><input size=\"40\" maxlength=\"400\" class=\"wpcf7-form-control wpcf7-text wpcf7-validates-as-required uk-input uk-margin-small-bottom\" aria-required=\"true\" aria-invalid=\"false\" placeholder=\"Namn\" value=\"\" type=\"text\" name=\"your-name\" \/><\/span>\n\t<\/p>\n<\/div>\n<div class=\"uk-margin\">\n\t<p><span class=\"wpcf7-form-control-wrap\" data-name=\"your-email\"><input size=\"40\" maxlength=\"400\" class=\"wpcf7-form-control wpcf7-email wpcf7-validates-as-required wpcf7-text wpcf7-validates-as-email uk-input uk-margin-small-bottom\" aria-required=\"true\" aria-invalid=\"false\" placeholder=\"E-post\" value=\"\" type=\"email\" name=\"your-email\" \/><\/span>\n\t<\/p>\n<\/div>\n<div class=\"uk-margin\">\n\t<p><span class=\"wpcf7-form-control-wrap\" data-name=\"your-subject\"><input size=\"40\" maxlength=\"400\" class=\"wpcf7-form-control wpcf7-text wpcf7-validates-as-required uk-input uk-margin-small-bottom\" aria-required=\"true\" aria-invalid=\"false\" placeholder=\"\u00c4mne\" value=\"\" type=\"text\" name=\"your-subject\" \/><\/span>\n\t<\/p>\n<\/div>\n<div class=\"uk-margin\">\n<\/div>\n<div class=\"uk-margin\">\n\t<p><span class=\"wpcf7-form-control-wrap\" data-name=\"your-message\"><textarea cols=\"40\" rows=\"10\" maxlength=\"2000\" class=\"wpcf7-form-control wpcf7-textarea uk-textarea uk-margin-small-bottom\" aria-invalid=\"false\" placeholder=\"Ditt meddelande\" name=\"your-message\"><\/textarea><\/span>\n\t<\/p>\n<\/div>\n<div class=\"uk-margin uk-text-left button-div\">\n\t<p><div class=\"cf7-cf-turnstile\" style=\"margin-top: 0px; margin-bottom: -15px;\"> <div id=\"cf-turnstile-cf7-126909862\" class=\"cf-turnstile\" data-sitekey=\"0x4AAAAAACpG_TE6H1GiZ0PM\" data-theme=\"light\" data-language=\"auto\" data-size=\"normal\" data-retry=\"auto\" data-retry-interval=\"1000\" data-refresh-expired=\"auto\" data-refresh-timeout=\"auto\" data-action=\"contact-form-7\" data-callback=\"turnstileCF7Callback\" data-appearance=\"always\"><\/div> <script>document.addEventListener(\"DOMContentLoaded\", function() { setTimeout(function(){ var e=document.getElementById(\"cf-turnstile-cf7-126909862\"); if(e&&!e.innerHTML.trim()){turnstile.render(e, {sitekey:\"0x4AAAAAACpG_TE6H1GiZ0PM\"});} }, 200); });<\/script> <br class=\"cf-turnstile-br cf-turnstile-br-cf7-126909862\"> <style>#cf-turnstile-cf7-126909862 { margin-left: -15px; }<\/style> <script>document.addEventListener(\"DOMContentLoaded\",function(){document.querySelectorAll('.wpcf7-form').forEach(function(e){e.addEventListener('submit',function(){if(document.getElementById('cf-turnstile-cf7-126909862')){setTimeout(function(){turnstile.reset('#cf-turnstile-cf7-126909862');},1000)}})})});<\/script> <\/div><br\/><input class=\"wpcf7-form-control wpcf7-submit has-spinner uk-button uk-button-primary\" type=\"submit\" value=\"Skicka\" \/>\n\t<\/p>\n<\/div><div class=\"wpcf7-response-output\" aria-hidden=\"true\"><\/div>\n<\/form>\n<\/div>\n<\/p><\/div>\n<\/p><\/div>\n<\/div>\n<\/div>\n<div>\n<div id=\"modal-news\" class=\"info-modals uk-flex-top\" uk-modal>\n<div class=\"uk-modal-dialog uk-modal-body uk-margin-auto-vertical\">\n<p>        <button class=\"uk-modal-close-default\" type=\"button\" uk-close><\/button><\/p>\n<div class=\"uk-modal-header\">\n<h2 class=\"uk-modal-title\">News<\/h2>\n<p>          <img decoding=\"async\" src=\"\/wp-content\/uploads\/2023\/06\/modal-news.svg\">\n        <\/div>\n<div class=\"uk-modal-body\"><\/div>\n<\/p><\/div>\n<\/div>\n<\/div>\n<div>\n<\/div>\n<p><!--more--><br \/>\n<!-- {\"type\":\"layout\",\"children\":[{\"type\":\"section\",\"props\":{\"class\":\"hero-sec\",\"height\":\"full\",\"image_position\":\"center-center\",\"style\":\"default\",\"title_breakpoint\":\"xl\",\"title_position\":\"top-left\",\"title_rotation\":\"left\",\"vertical_align\":\"middle\",\"width\":\"default\"},\"children\":[{\"type\":\"row\",\"children\":[{\"type\":\"column\",\"props\":{\"image_position\":\"center-center\",\"media_overlay_gradient\":\"\",\"position_sticky_breakpoint\":\"m\"},\"children\":[{\"type\":\"image\",\"props\":{\"class\":\"heroimg\",\"image\":\"wp-content\\\/uploads\\\/2023\\\/12\\\/slog-1.svg\",\"image_svg_color\":\"emphasis\",\"margin\":\"default\",\"text_align\":\"center\"},\"name\":\"heroimg\"},{\"type\":\"module\",\"props\":{\"class\":\"switcherhome\",\"menu_image_align\":\"center\",\"menu_image_margin\":true,\"menu_style\":\"default\",\"menu_type\":\"nav\",\"type\":\"wpb_widget\",\"widget\":\"wpb_widget-9\"},\"name\":\"switccherhome\"},{\"type\":\"image\",\"props\":{\"class\":\"logo\",\"image\":\"wp-content\\\/uploads\\\/2023\\\/06\\\/logoooo.svg\",\"image_svg_color\":\"emphasis\",\"margin\":\"default\"},\"name\":\"logo\"},{\"type\":\"image\",\"props\":{\"class\":\"contactimg imgshero\",\"image\":\"wp-content\\\/uploads\\\/2023\\\/12\\\/contact-1.svg\",\"image_svg_color\":\"emphasis\",\"link\":\"#modal-contact\",\"margin\":\"default\"},\"name\":\"contactimg\"},{\"type\":\"image\",\"props\":{\"class\":\"elearningimg imgshero\",\"image\":\"wp-content\\\/uploads\\\/2023\\\/12\\\/elearning-1.svg\",\"image_svg_color\":\"emphasis\",\"link\":\"https:\\\/\\\/digital4all-project.eu\\\/elearning\\\/courses\\\/digital4all-learning-course\\\/\",\"margin\":\"default\"},\"name\":\"elearningimg\"},{\"type\":\"image\",\"props\":{\"class\":\"toolkitimg imgshero\",\"image\":\"wp-content\\\/uploads\\\/2023\\\/12\\\/toolkit-1.svg\",\"image_svg_color\":\"emphasis\",\"link\":\"#modal-toolkit\",\"margin\":\"default\"},\"name\":\"toolkitimg\"},{\"type\":\"image\",\"props\":{\"attributes\":\"\",\"class\":\"aboutimg imgshero\",\"image\":\"wp-content\\\/uploads\\\/2023\\\/12\\\/about-1.svg\",\"image_svg_color\":\"emphasis\",\"link\":\"#modal-about\",\"margin\":\"default\"},\"name\":\"aboutimg\"},{\"type\":\"image\",\"props\":{\"class\":\"partnersimg imgshero\",\"image\":\"wp-content\\\/uploads\\\/2023\\\/12\\\/partners-1.svg\",\"image_alt\":\"\",\"image_svg_color\":\"emphasis\",\"link\":\"#modal-partners\",\"margin\":\"default\"},\"name\":\"partnersimg\"},{\"type\":\"image\",\"props\":{\"class\":\"newsimg imgshero\",\"image\":\"wp-content\\\/uploads\\\/2023\\\/12\\\/news-1.svg\",\"image_svg_color\":\"emphasis\",\"link\":\"#modal-news\",\"margin\":\"default\"},\"name\":\"newsimg\"},{\"type\":\"html\",\"props\":{\"content\":\"\n\n<div id=\\\"modal-about\\\" class=\\\"info-modals uk-flex-top\\\" uk-modal>\\n    \n\n<div class=\\\"uk-modal-dialog uk-modal-body uk-margin-auto-vertical\\\">\\n\\n        <button class=\\\"uk-modal-close-default\\\" type=\\\"button\\\" uk-close><\\\/button>\\n\\n      \n\n<div class=\\\"uk-modal-header\\\">\\n            \n\n<h2 class=\\\"uk-modal-title\\\">Om<\\\/h2>\\n          <img src=\\\"wp-content\\\/uploads\\\/2023\\\/06\\\/modal-about.svg\\\">\\n        <\\\/div>\\n        \n\n<div class=\\\"uk-modal-body\\\">\\n        \n\n<h3 class=\\\"subhm\\\">Projektintroduktion<\\\/h3>\\n        \n\n<p>Fr\\u00e4mja ungdomsarbetares f\\u00f6rst\\u00e5else f\\u00f6r och beredskap att fr\\u00e4mja unga migranters digitala kompetens och mediekompetens genom kritiskt t\\u00e4nkande och motivation.\\n\\n <\\\/p>\\n        \\n        \n\n<h3 class=\\\"subhm\\\">\\u00d6versikt<\\\/h3>\\n        \n\n<p>Projektet \\u00e4r baserat p\\u00e5 ett tidigare projekt, koordinerat av KulturLife: TeDiCom (2019-1-DE02-KA204-006083). Detta projekt syftar till att arbeta med en m\\u00e5ngsidig grupp av europeiska partner om hur man kan fr\\u00e4mja digital kompetens p\\u00e5 ett s\\u00e4tt som g\\u00f6r samh\\u00e4llen motst\\u00e5ndskraftiga mot falska nyheter och hatpropaganda. Det viktigaste resultatet av v\\u00e5rt projekt \\u00e4r att den fr\\u00e4msta orsaken till spridningen av falska nyheter inte \\u00e4r en brist p\\u00e5 teknisk digital kompetens, utan en brist p\\u00e5 digital kompetens, och framf\\u00f6r allt en brist p\\u00e5 motivation att ifr\\u00e5gas\\u00e4tta digitalt \\u00f6verf\\u00f6rd information. Vi anser att detta behov inte bara p\\u00e5verkar ungdomar och unga vuxna, utan \\u00e4ven l\\u00e4rare och ungdomsarbetare. D\\u00e4rf\\u00f6r har vi utvecklat detta nya projekt f\\u00f6r att specifikt ta itu med detta problem p\\u00e5 ett konceptuellt och praktiskt s\\u00e4tt f\\u00f6r ungdomsarbetare. Vi valde unga migranter och flyktingar som m\\u00e5lgrupp eftersom de \\u00e4r i riskzonen och sannolikt kommer att vara involverade i initiativ f\\u00f6r icke-formellt\\\/formellt ungdomsarbete.\\n\\n\\n<\\\/p>\\n        \\n        \n\n<h3 class=\\\"subhm\\\">Syfte<\\\/h3>\\n        \n\n<p>Detta projekt syftar till att tillhandah\\u00e5lla resurser f\\u00f6r att f\\u00f6rb\\u00e4ttra kvaliteten och innovationen hos ungdomsarbetares initiativ f\\u00f6r att fr\\u00e4mja utvecklingen av unga migranters digitala beredskap, med fokus p\\u00e5 kritiskt t\\u00e4nkande f\\u00f6r digital, informations- och mediekunskap f\\u00f6r att st\\u00f6dja unga migranter som nyligen har anl\\u00e4nt till europeiska l\\u00e4nder.\\n\\n\\n <\\\/p>\\n        \\n         \n\n<h3 class=\\\"subhm\\\">M\\u00e5ls\\u00e4ttningar\\n<\\\/h3>\\n        \n\n<p>Huvudsyftet med detta projekt \\u00e4r att fr\\u00e4mja ungdomsarbetares f\\u00f6rst\\u00e5else f\\u00f6r och beredskap att fr\\u00e4mja unga migranters digitala \\\/ informations- \\\/ mediekunskaper genom kritiskt t\\u00e4nkande och motivation, vilket p\\u00e5verkar integrationsprocesser. Specifikt syftar det till att:\\n\\n<br \/>\\n1. Bekanta ungdomsarbetare med digital kompetens och dess koppling till kritiskt t\\u00e4nkande\\n\\n<br \/>\\n2. F\\u00f6rbereda ungdomsarbetare p\\u00e5 att bed\\u00f6ma unga migranters kritiska t\\u00e4nkande, digitala erfarenheter och l\\u00e4s- och skrivkunnighet\\n\\n<br \/>\\n3. Utv\\u00e4rdera unga migranters behov och attityder n\\u00e4r det g\\u00e4ller digital kompetens och kritiskt t\\u00e4nkande\\n\\n <br \/>\\n4. Tillsammans med ungdomsarbetare utveckla ett ramverk f\\u00f6r unga migranters utveckling av digital kompetens\\n\\n<br \/>\\n5. Fr\\u00e4mja ungdomsarbetares beredskap att genomf\\u00f6ra eLearning-kursen Bygga en digital v\\u00e4rld f\\u00f6r alla\\n\\n<br \/>\\n6. Fr\\u00e4mja unga migranters kritiska t\\u00e4nkande, motivation och digitala\\\/informations-\\\/mediekunskaper genom en eLearning-kurs\\n\\n\\n <\\\/p>\\n \n\n<h3 class=\\\"subhm\\\">Utg\\u00e5ngar<\\\/h3>\\n        \n\n<p>Det viktigaste resultatet \\u00e4r ungdomsarbetarnas \\u00f6kade kompetens n\\u00e4r det g\\u00e4ller att hantera unga migranter och deras anv\\u00e4ndning av digitala medier. Detta m\\u00e5l uppn\\u00e5s genom en kombination av utbildningsmaterial f\\u00f6r ungdomsarbetare och en onlinekurs som de kan anv\\u00e4nda i sitt dagliga arbete, med fokus p\\u00e5 att fr\\u00e4mja m\\u00e5lgruppernas motivation att till\\u00e4mpa dessa tekniker. Huvudsakliga resultat: Utbildningstillf\\u00e4llen f\\u00f6r ungdomsarbetare, onlinekursen \\\"Building a Digital World for All\\\", eLearning-plattform och handbok f\\u00f6r ungdomsarbetare.\\n\\n\\n\\n <\\\/p>\\n            <!--\\n         \n\n<h3 class=\\\"subhm\\\">Metodik<\\\/h3>\\n        \n\n<p>\\n          Konsortiet anv\\u00e4nder IMPACT+-metoden f\\u00f6r att utarbeta denna plan, med h\\u00e4nsyn till output (projektresultat), utfall (kortsiktiga och l\\u00e5ngsiktiga f\\u00f6rdelar), definition av hur effekterna ska uppn\\u00e5s efter projektets slut, SMART-indikatorer f\\u00f6r att bed\\u00f6ma detta och de k\\u00e4llor som kommer att tillhandah\\u00e5lla data f\\u00f6r bed\\u00f6mningen.\\n\\n\\n\\n <\\\/p> -->\\n        <\\\/div>\\n    <\\\/div>\\n<\\\/div>&#8221;},&#8221;name&#8221;:&#8221;modal-about&#8221;},{&#8221;type&#8221;:&#8221;html&#8221;,&#8221;props&#8221;:{&#8221;content&#8221;:&#8221;<\/p>\n<div id=\\\"modal-partners\\\" class=\\\"info-modals uk-flex-top\\\" uk-modal>\\n    <\/p>\n<div class=\\\"uk-modal-dialog uk-modal-body uk-margin-auto-vertical\\\">\\n\\n        <button class=\\\"uk-modal-close-default\\\" type=\\\"button\\\" uk-close><\\\/button>\\n\\n      <\/p>\n<div class=\\\"uk-modal-header\\\">\\n            <\/p>\n<h2 class=\\\"uk-modal-title\\\">Partner<\\\/h2>\\n          <img src=\\\"wp-content\\\/uploads\\\/2023\\\/06\\\/modal-partners.svg\\\">\\n        <\\\/div>\\n        <\/p>\n<div class=\\\"uk-modal-body\\\">\\n            <!-- Parntner 1 -->\\n        <\/p>\n<h3 class=\\\"subhm\\\">KULTURLIFE<\\\/h3>\\n            <a class=\\\"partner-link\\\" href=\\\"https:\\\/\\\/kultur-life.de\\\/\\\" target=\\\"_blank\\\">\\nwww.kultur-life.de<\\\/a>\\n        <\/p>\n<p>\\n         Uppdraget f\\u00f6r den icke-statliga ungdomsorganisationen KulturLife \\u00e4r att underl\\u00e4tta och sprida globalt l\\u00e4rande som en byggsten f\\u00f6r ett fredligt och v\\u00e4lm\\u00e5ende liv tillsammans i en globaliserad v\\u00e4rld&#8230;\\n\\n\\n            <\\\/p>\\n            \\n             <!-- Parntner 2 -->\\n        <\/p>\n<h3 class=\\\"subhm\\\">RIGHTCHALLENGE<\\\/h3>\\n            <a class=\\\"partner-link\\\" href=\\\"https:\\\/\\\/rightchallenge.org\\\/\\\" target=\\\"_blank\\\">\\nwww.rightchallenge.org<\\\/a>\\n        <\/p>\n<p>\\n           Rightchallenge Association \\u00e4r en icke-statlig organisation som syftar till att fr\\u00e4mja utbildning som ett medel f\\u00f6r social integration och lika m\\u00f6jligheter&#8230;\\n\\n\\n            <\\\/p>\\n             <!-- Parntner 3 -->\\n        <\/p>\n<h3 class=\\\"subhm\\\">CARDET<\\\/h3>\\n            <a class=\\\"partner-link\\\" href=\\\"https:\\\/\\\/cardet.org\\\/\\\" target=\\\"_blank\\\">\\nwww.cardet.org<\\\/a>\\n        <\/p>\n<p>\\n          CARDET (Centre for Advancement of Research and Development in Educational Technology) \\u00e4r en oberoende, ideell, icke-statlig forsknings- och utvecklingsorganisation med s\\u00e4te p\\u00e5 Cypern&#8230;\\n\\n\\n            <\\\/p>\\n            \\n                <!-- Parntner 4 -->\\n        <\/p>\n<h3 class=\\\"subhm\\\">MOBILIZING EXPERTISE AB<\\\/h3>\\n            <a class=\\\"partner-link\\\" href=\\\"https:\\\/\\\/mexpert.se\\\/\\\" target=\\\"_blank\\\">\\nwww.mexpert.se<\\\/a>\\n        <\/p>\n<p>\\n         Mobilizing Expertise; ett effektivt svenskt SME f\\u00f6r nordiska, europeiska och internationella projekt som grundades 2015. V\\u00e5ra huvudsakliga 5 arbetsomr\\u00e5den \\u00e4r; Tillhandah\\u00e5lla utbildning, skapa&#8230;\\n\\n\\n            <\\\/p>\\n            \\n              <!-- Parntner 5 -->\\n        <\/p>\n<h3 class=\\\"subhm\\\">NON-FORMAL EDUCATION FOR YOUTH\\n<\\\/h3>\\n            <a class=\\\"partner-link\\\" href=\\\"https:\\\/\\\/ngo-nfe4y.com.ua\\\/\\\" target=\\\"_blank\\\">\\nwww.ngo-nfe4y.com.ua\\n<\\\/a>\\n        <\/p>\n<p>\\n      NGO \\&#8221;NFE 4Y\\&#8221; \\u00e4r ett viktigt center f\\u00f6r att bygga upp sociala ungdomsr\\u00f6relser och utbilda ledare f\\u00f6r en ny generation&#8230;\\n\\n\\n\\n            <\\\/p>\\n             <!-- Parntner 6 -->\\n        <\/p>\n<h3 class=\\\"subhm\\\">IZB (Institut f\\u00fcr Zukunft und Bildung)\\n<\\\/h3>\\n            <a class=\\\"partner-link\\\" href=\\\"https:\\\/\\\/www.izb.co.at\\\/\\\" target=\\\"_blank\\\">\\nwww.izb.co.at\\n<\\\/a>\\n        <\/p>\n<p>\\n     IZB vid handelsh\\u00f6gskolan BHAK M\\u00fcrzzuschlag \\u00e4r en organisation som \\u00e4r direkt kopplad till denna skola. P\\u00e5 grund av detta \\u00e4r alla projekt, s\\u00e4rskilt EU-projekt&#8230;\\n\\n\\n\\n            <\\\/p>\\n        \\n        <\\\/div>\\n    <\\\/div>\\n<\\\/div>&#8221;},&#8221;name&#8221;:&#8221;modal-partners&#8221;},{&#8221;type&#8221;:&#8221;html&#8221;,&#8221;props&#8221;:{&#8221;content&#8221;:&#8221;<\/p>\n<div id=\\\"modal-toolkit\\\" class=\\\"info-modals uk-flex-top\\\" uk-modal>\\n    <\/p>\n<div class=\\\"uk-modal-dialog uk-modal-body uk-margin-auto-vertical\\\">\\n\\n        <button class=\\\"uk-modal-close-default\\\" type=\\\"button\\\" uk-close><\\\/button>\\n\\n      <\/p>\n<div class=\\\"uk-modal-header\\\">\\n            <\/p>\n<h2 class=\\\"uk-modal-title\\\">Toolkit<\\\/h2>\\n          <img src=\\\"wp-content\\\/uploads\\\/2023\\\/06\\\/modal-toolkit.svg\\\">\\n        <\\\/div>\\n        <\/p>\n<div class=\\\"uk-modal-body\\\">\\n            <a href=\\\"\\\/wp-content\\\/uploads\\\/2025\\\/03\\\/Digital4All_Handbook-for-Youth-Workers-Swedish.pdf\\\" class=\\\"modal-tool-b\\\" target=\\\"_blank\\\"><img src=\\\"https:\\\/\\\/digital-youth.eu\\\/wp-content\\\/uploads\\\/2023\\\/12\\\/handbook1.svg\\\"><\\\/a> \\n        <\\\/div>\\n    <\\\/div>\\n<\\\/div>&#8221;},&#8221;name&#8221;:&#8221;modal-toolkit&#8221;},{&#8221;type&#8221;:&#8221;html&#8221;,&#8221;props&#8221;:{&#8221;content&#8221;:&#8221;<\/p>\n<div id=\\\"modal-elearning\\\" class=\\\"info-modals uk-flex-top\\\" uk-modal>\\n    <\/p>\n<div class=\\\"uk-modal-dialog uk-modal-body uk-margin-auto-vertical\\\">\\n\\n        <button class=\\\"uk-modal-close-default\\\" type=\\\"button\\\" uk-close><\\\/button>\\n\\n      <\/p>\n<div class=\\\"uk-modal-header\\\">\\n            <\/p>\n<h2 class=\\\"uk-modal-title\\\">E-l\\u00e4rande\\n\\n<\\\/h2>\\n          <img src=\\\"wp-content\\\/uploads\\\/2023\\\/06\\\/modal-elearning.svg\\\">\\n        <\\\/div>\\n        <\/p>\n<div class=\\\"uk-modal-body\\\">\\n            <\/p>\n<h3>Kommer snart\\n\\n<\\\/h3>\\n            <\/p>\n<p>E-l\\u00e4randemilj\\u00f6n \\u00e4r v\\u00e4rd f\\u00f6r projektmaterialet och ger medlemmarna tillg\\u00e5ng till intressenter, n\\u00e4tverksm\\u00f6jligheter etc.\\n\\n<\\\/p>\\n            <a href=\\\"#coming-soon\\\" class=\\\"modal-elearn-b\\\" target=\\\"_blank\\\"><img src=\\\"wp-content\\\/uploads\\\/2023\\\/06\\\/elearning-inner.svg\\\"><\\\/a> \\n        <\\\/div>\\n    <\\\/div>\\n<\\\/div>&#8221;},&#8221;name&#8221;:&#8221;modal-elearning&#8221;},{&#8221;type&#8221;:&#8221;html&#8221;,&#8221;props&#8221;:{&#8221;content&#8221;:&#8221;<\/p>\n<div id=\\\"modal-contact\\\" class=\\\"info-modals uk-flex-top\\\" uk-modal>\\n    <\/p>\n<div class=\\\"uk-modal-dialog uk-modal-body uk-margin-auto-vertical\\\">\\n\\n        <button class=\\\"uk-modal-close-default\\\" type=\\\"button\\\" uk-close><\\\/button>\\n\\n      <\/p>\n<div class=\\\"uk-modal-header\\\">\\n            <\/p>\n<h2 class=\\\"uk-modal-title\\\">Contact<\\\/h2>\\n          <img src=\\\"wp-content\\\/uploads\\\/2023\\\/06\\\/modal-contact.svg\\\">\\n        <\\\/div>\\n        <\/p>\n<div class=\\\"uk-modal-body\\\">\\n            <p class=\"wpcf7-contact-form-not-found\"><strong>Fel:<\/strong> Kontaktformul\u00e4r hittades inte.<\/p>\\n           \\n        <\\\/div>\\n    <\\\/div>\\n<\\\/div>&#8221;},&#8221;name&#8221;:&#8221;modal-contact&#8221;},{&#8221;type&#8221;:&#8221;html&#8221;,&#8221;props&#8221;:{&#8221;content&#8221;:&#8221;<\/p>\n<div id=\\\"modal-news\\\" class=\\\"info-modals uk-flex-top\\\" uk-modal>\\n    <\/p>\n<div class=\\\"uk-modal-dialog uk-modal-body uk-margin-auto-vertical\\\">\\n\\n        <button class=\\\"uk-modal-close-default\\\" type=\\\"button\\\" uk-close><\\\/button>\\n\\n      <\/p>\n<div class=\\\"uk-modal-header\\\">\\n            <\/p>\n<h2 class=\\\"uk-modal-title\\\">News<\\\/h2>\\n          <img src=\\\"wp-content\\\/uploads\\\/2023\\\/06\\\/modal-news.svg\\\">\\n        <\\\/div>\\n        <\/p>\n<div class=\\\"uk-modal-body\\\">\\n            \\n           \\n        <\\\/div>\\n    <\\\/div>\\n<\\\/div>&#8221;},&#8221;name&#8221;:&#8221;modal-news&#8221;},{&#8221;type&#8221;:&#8221;grid&#8221;,&#8221;props&#8221;:{&#8221;class&#8221;:&#8221;news-grid-c&#8221;,&#8221;content_column_breakpoint&#8221;:&#8221;m&#8221;,&#8221;filter_align&#8221;:&#8221;left&#8221;,&#8221;filter_all&#8221;:true,&#8221;filter_grid_breakpoint&#8221;:&#8221;m&#8221;,&#8221;filter_grid_width&#8221;:&#8221;auto&#8221;,&#8221;filter_position&#8221;:&#8221;top&#8221;,&#8221;filter_style&#8221;:&#8221;tab&#8221;,&#8221;grid_default&#8221;:&#8221;1&#8243;,&#8221;grid_large&#8221;:&#8221;1&#8243;,&#8221;grid_medium&#8221;:&#8221;1&#8243;,&#8221;grid_small&#8221;:&#8221;1&#8243;,&#8221;grid_xlarge&#8221;:&#8221;1&#8243;,&#8221;icon_width&#8221;:80,&#8221;image_align&#8221;:&#8221;left&#8221;,&#8221;image_grid_breakpoint&#8221;:&#8221;m&#8221;,&#8221;image_grid_width&#8221;:&#8221;1-5&#8243;,&#8221;image_svg_color&#8221;:&#8221;emphasis&#8221;,&#8221;item_animation&#8221;:true,&#8221;link_style&#8221;:&#8221;default&#8221;,&#8221;link_target&#8221;:true,&#8221;link_text&#8221;:&#8221;&#8221;,&#8221;margin&#8221;:&#8221;default&#8221;,&#8221;meta_align&#8221;:&#8221;below-title&#8221;,&#8221;meta_element&#8221;:&#8221;div&#8221;,&#8221;meta_style&#8221;:&#8221;text-meta&#8221;,&#8221;panel_link&#8221;:true,&#8221;show_content&#8221;:true,&#8221;show_image&#8221;:true,&#8221;show_link&#8221;:true,&#8221;show_meta&#8221;:true,&#8221;show_title&#8221;:true,&#8221;title_align&#8221;:&#8221;top&#8221;,&#8221;title_element&#8221;:&#8221;h3&#8243;,&#8221;title_grid_breakpoint&#8221;:&#8221;m&#8221;,&#8221;title_grid_width&#8221;:&#8221;1-2&#8243;,&#8221;title_hover_style&#8221;:&#8221;reset&#8221;},&#8221;children&#8221;:[{&#8221;type&#8221;:&#8221;grid_item&#8221;,&#8221;source&#8221;:{&#8221;query&#8221;:{&#8221;name&#8221;:&#8221;posts.customPosts&#8221;,&#8221;arguments&#8221;:{&#8221;terms&#8221;:[],&#8221;category_operator&#8221;:&#8221;IN&#8221;,&#8221;post_tag_operator&#8221;:&#8221;IN&#8221;,&#8221;users&#8221;:[],&#8221;users_operator&#8221;:&#8221;IN&#8221;,&#8221;offset&#8221;:0,&#8221;limit&#8221;:1000,&#8221;order&#8221;:&#8221;date&#8221;,&#8221;order_direction&#8221;:&#8221;DESC&#8221;}},&#8221;props&#8221;:{&#8221;title&#8221;:{&#8221;filters&#8221;:{&#8221;search&#8221;:&#8221;&#8221;},&#8221;name&#8221;:&#8221;title&#8221;},&#8221;content&#8221;:{&#8221;filters&#8221;:{&#8221;search&#8221;:&#8221;&#8221;,&#8221;limit&#8221;:450},&#8221;arguments&#8221;:{&#8221;show_intro_text&#8221;:true},&#8221;name&#8221;:&#8221;content&#8221;},&#8221;image&#8221;:{&#8221;filters&#8221;:{&#8221;search&#8221;:&#8221;&#8221;},&#8221;name&#8221;:&#8221;featuredImage.url&#8221;},&#8221;link&#8221;:{&#8221;filters&#8221;:{&#8221;search&#8221;:&#8221;&#8221;},&#8221;name&#8221;:&#8221;link&#8221;}}}}]}]}]}]}],&#8221;version&#8221;:&#8221;3.0.20&#8243;} &#8211;><\/p>\n","protected":false},"excerpt":{"rendered":"<p>Om Projektintroduktion Fr\u00e4mja ungdomsarbetares f\u00f6rst\u00e5else f\u00f6r och beredskap att fr\u00e4mja unga migranters digitala kompetens och mediekompetens genom kritiskt t\u00e4nkande och motivation. \u00d6versikt Projektet \u00e4r baserat..<\/p>\n","protected":false},"author":1,"featured_media":0,"parent":0,"menu_order":0,"comment_status":"closed","ping_status":"closed","template":"","meta":{"_acf_changed":false,"inline_featured_image":false,"footnotes":""},"class_list":["post-1662","page","type-page","status-publish","hentry"],"acf":[],"_links":{"self":[{"href":"https:\/\/digital4all-project.eu\/sv\/wp-json\/wp\/v2\/pages\/1662","targetHints":{"allow":["GET"]}}],"collection":[{"href":"https:\/\/digital4all-project.eu\/sv\/wp-json\/wp\/v2\/pages"}],"about":[{"href":"https:\/\/digital4all-project.eu\/sv\/wp-json\/wp\/v2\/types\/page"}],"author":[{"embeddable":true,"href":"https:\/\/digital4all-project.eu\/sv\/wp-json\/wp\/v2\/users\/1"}],"replies":[{"embeddable":true,"href":"https:\/\/digital4all-project.eu\/sv\/wp-json\/wp\/v2\/comments?post=1662"}],"version-history":[{"count":5,"href":"https:\/\/digital4all-project.eu\/sv\/wp-json\/wp\/v2\/pages\/1662\/revisions"}],"predecessor-version":[{"id":2237,"href":"https:\/\/digital4all-project.eu\/sv\/wp-json\/wp\/v2\/pages\/1662\/revisions\/2237"}],"wp:attachment":[{"href":"https:\/\/digital4all-project.eu\/sv\/wp-json\/wp\/v2\/media?parent=1662"}],"curies":[{"name":"wp","href":"https:\/\/api.w.org\/{rel}","templated":true}]}}