{"id":1270,"date":"2022-02-24T14:11:37","date_gmt":"2022-02-24T14:11:37","guid":{"rendered":"https:\/\/digital4all-project.eu\/home\/"},"modified":"2025-03-26T08:48:41","modified_gmt":"2025-03-26T08:48:41","slug":"home","status":"publish","type":"page","link":"https:\/\/digital4all-project.eu\/pt-pt\/","title":{"rendered":"Home"},"content":{"rendered":"<p><img decoding=\"async\" src=\"\/wp-content\/uploads\/2023\/09\/slog-1.svg\" alt=\"\"><br \/>\n<img decoding=\"async\" src=\"\/wp-content\/uploads\/2023\/06\/logoooo.svg\" alt=\"\"><br \/>\n<a href=\"#modal-contact\"><img decoding=\"async\" src=\"\/wp-content\/uploads\/2023\/09\/contact-1.svg\" alt=\"\"><\/a><br \/>\n<a href=\"https:\/\/digital4all-project.eu\/elearning\/courses\/digital4all-learning-course\/\"><img decoding=\"async\" src=\"\/wp-content\/uploads\/2023\/09\/elearning-1.svg\" alt=\"\"><\/a><br \/>\n<a href=\"#modal-toolkit\"><img decoding=\"async\" src=\"\/wp-content\/uploads\/2023\/09\/toolkit-2.svg\" alt=\"\"><\/a><br \/>\n<a href=\"#modal-about\"><img decoding=\"async\" src=\"\/wp-content\/uploads\/2023\/09\/about-2.svg\" alt=\"\"><\/a><br \/>\n<a href=\"#modal-partners\"><img decoding=\"async\" src=\"\/wp-content\/uploads\/2023\/09\/partners-1.svg\" alt=\"\"><\/a><br \/>\n<a href=\"#modal-news\"><img decoding=\"async\" src=\"\/wp-content\/uploads\/2023\/09\/news-2.svg\" alt=\"\"><\/a><\/p>\n<div>\n<div id=\"modal-about\" class=\"info-modals uk-flex-top\" uk-modal>\n<div class=\"uk-modal-dialog uk-modal-body uk-margin-auto-vertical\">\n<p>        <button class=\"uk-modal-close-default\" type=\"button\" uk-close><\/button><\/p>\n<div class=\"uk-modal-header\">\n<h2 class=\"uk-modal-title\">Sobre <\/h2>\n<p>          <img decoding=\"async\" src=\"\/wp-content\/uploads\/2023\/06\/modal-about.svg\">\n        <\/div>\n<div class=\"uk-modal-body\">\n<h3 class=\"subhm\">Introdu\u00e7\u00e3o do projeto<\/h3>\n<p>Promover a compreens\u00e3o de t\u00e9cnicos da juventude e prepar\u00e1-los para promover em jovens migrantes a literacia digital, atrav\u00e9s da motiva\u00e7\u00e3o e pensamento cr\u00edtico.<\/p>\n<h3 class=\"subhm\">Vis\u00e3o Geral<\/h3>\n<p>Digital4all \u00e9 baseado num projeto anterior, coordenado por KulturLife: TeDiCom (2019-1-DE02-KA204-006083). Este projeto teve como objetivo trabalhar com um grupo diversificado de parceiros Europeus, sobre como promover a literacia digital de uma forma a tornar as nossas sociedades resilientes a not\u00edcias falsas e discurso de \u00f3dio. A sua descoberta mais importante refere-se \u00e0 raz\u00e3o da propaga\u00e7\u00e3o de not\u00edcias falsas online, que se identificou como sendo resultado,  maioritariamente, n\u00e3o de uma falta de literacia digital, mas de uma falha na motiva\u00e7\u00e3o para questionar a informa\u00e7\u00e3o transmitida digitalmente. Descobriu-se, tamb\u00e9m, que esta necessidade n\u00e3o afeta somente a juventude e jovens adultos, mas tamb\u00e9m professores e t\u00e9cnicos da juventude. Assim surgiu o projeto Digital4All que aborda, de forma conceptual e pr\u00e1tica, esta necessidade conceptualmente para os t\u00e9cnicos da juventude. Escolhemos jovens migrantes e refugiados como o nosso grupo-alvo, devido a estarem em risco \u00e0 informa\u00e7\u00e3o falsa online e da probabilidade relativamente alta de estarem envolvidos em iniciativas formais e n\u00e3o formais de aprendizagem.\n<\/p>\n<h3 class=\"subhm\">Objetivo<\/h3>\n<p>O projeto tem como objetivo fornecer recursos para melhorar a qualidade e a inova\u00e7\u00e3o das iniciativas de t\u00e9cnicos de juventude em promover o desenvolvimento de prontid\u00e3o digital em jovens migrantes, com enfoque em compet\u00eancias de pensamento cr\u00edtico para a informa\u00e7\u00e3o digital como forma de apoio a indiv\u00edduos que acabaram de chegar a pa\u00edses Europeus.\n <\/p>\n<h3 class=\"subhm\">Objectivos<br \/>\n<\/h3>\n<p>O principal objetivo do nosso projeto \u00e9 promover a compreens\u00e3o e prepara\u00e7\u00e3o de t\u00e9cnicos da juventude para promover a literacia digital em jovens migrantes, atrav\u00e9s de t\u00e9cnicas de pensamento cr\u00edtico e motiva\u00e7\u00e3o, impactando assim, a sua inclus\u00e3o. Especificamente, o projeto pretende:<br \/>\n1. Familiarizar os t\u00e9cnicos de juventude com compet\u00eancias digitais e a sua rela\u00e7\u00e3o com processos de pensamento cr\u00edtico<br \/>\n2. Preparar os t\u00e9cnicos de juventude para avaliar as capacidades de pensamento cr\u00edtico dos jovens migrantes, experi\u00eancias digitais e literacia <br \/>\n3. Avaliar as necessidades dos migrantes e as suas atitudes referentes \u00e0 literacia digital e pensamento cr\u00edtico<br \/>\n4. Desenvolver, colaborativamente com t\u00e9cnicos de juventude, uma abordagem de literacia digital para os jovens migrantes <br \/>\n5. Preparar os t\u00e9cnicos de juventude para implementar o curso E-learning \u201cConstruir um Mundo Digital Para todos N\u00f3s\u201d<br \/>\n6. Promover o pensamento cr\u00edtico, motiva\u00e7\u00e3o e literacia digital de jovens migrantes atrav\u00e9s de um curso E-Learning.\n <\/p>\n<h3 class=\"subhm\">Resultados Esperados<\/h3>\n<p>O principal resultado consiste no desenvolvimento de compet\u00eancias de t\u00e9cnicos de juventude em lidar com as necessidades e o uso digital de jovens migrantes. Este objetivo ser\u00e1 atingido atrav\u00e9s de uma combina\u00e7\u00e3o de materiais de treino e um curso online para t\u00e9cnicos de juventude,  focados na promo\u00e7\u00e3o da motiva\u00e7\u00e3o dos grupos alvo e que possam ser utilizados no seu dia-a-dia profissional. Os principais resultados s\u00e3o: sess\u00f5es de treino para t\u00e9cnicos de juventude; um curso online \u201cConstruir um Mundo Digital para Todos\u201d, uma plataforma E-learning e um manual para t\u00e9cnicos da juventude.<\/p>\n<p>            <!--\n         \n\n<h3 class=\"subhm\">Metodologia<\/h3>\n\n\n        \n\n<p>\n            O cons\u00f3rcio est\u00e1 a utilizar a Metodologia IMAPCT+ para preparar o seu plano. Este considera os resultados do projeto, os seus benef\u00edcios a curto e a longo prazo, o impacto que ser\u00e1 alcan\u00e7ado ap\u00f3s o projeto, indicadores SMART e as fontes que fornecer\u00e3o a informa\u00e7\u00e3o necess\u00e1ria para o avaliar.\n\n <\/p>\n\n -->\n        <\/div>\n<\/p><\/div>\n<\/div>\n<\/div>\n<div>\n<div id=\"modal-partners\" class=\"info-modals uk-flex-top\" uk-modal>\n<div class=\"uk-modal-dialog uk-modal-body uk-margin-auto-vertical\">\n<p>        <button class=\"uk-modal-close-default\" type=\"button\" uk-close><\/button><\/p>\n<div class=\"uk-modal-header\">\n<h2 class=\"uk-modal-title\">Parceiros<\/h2>\n<p>          <img decoding=\"async\" src=\"\/wp-content\/uploads\/2023\/06\/modal-partners.svg\">\n        <\/div>\n<div class=\"uk-modal-body\">\n            <!-- Parntner 1 --><\/p>\n<h3 class=\"subhm\">KULTURLIFE<\/h3>\n<p>            <a class=\"partner-link\" href=\"https:\/\/kultur-life.de\/\" target=\"_blank\"><br \/>\nwww.kultur-life.de<\/a><\/p>\n<p>\n           A miss\u00e3o do parceiro KulturLife consiste na facilita\u00e7\u00e3o e dissemina\u00e7\u00e3o da aprendizagem global como um meio para viver num mundo globalizado, pac\u00edfico e pr\u00f3spero\u2026\n            <\/p>\n<p>             <!-- Parntner 2 --><\/p>\n<h3 class=\"subhm\">RIGHTCHALLENGE<\/h3>\n<p>            <a class=\"partner-link\" href=\"https:\/\/rightchallenge.org\/\" target=\"_blank\"><br \/>\nwww.rightchallenge.org<\/a><\/p>\n<p>\n           A associa\u00e7\u00e3o RightChallenge \u00e9 uma organiza\u00e7\u00e3o n\u00e3o-governamental que tem como objetivo a promo\u00e7\u00e3o da educa\u00e7\u00e3o como um meio para inclus\u00e3o social e igualdade de oportunidades\u2026\n            <\/p>\n<p>             <!-- Parntner 3 --><\/p>\n<h3 class=\"subhm\">CARDET<\/h3>\n<p>            <a class=\"partner-link\" href=\"https:\/\/cardet.org\/\" target=\"_blank\"><br \/>\nwww.cardet.org<\/a><\/p>\n<p>\n         O CARDET (Centro para o Avan\u00e7o da Investiga\u00e7\u00e3o e Desenvolvimento da Tecnologia Educacional) \u00e9 uma organiza\u00e7\u00e3o n\u00e3o governamental independente, de investiga\u00e7\u00e3o e desenvolvido, com sede no Chipre\u2026\n            <\/p>\n<p>                <!-- Parntner 4 --><\/p>\n<h3 class=\"subhm\">MOBILIZING EXPERTISE AB<\/h3>\n<p>            <a class=\"partner-link\" href=\"https:\/\/mexpert.se\/\" target=\"_blank\"><br \/>\nwww.mexpert.se<\/a><\/p>\n<p>\n        A Mobilizing Expertise \u00e9 uma PME Sueca de projetos n\u00f3rdicos, Europeus e Internacionais, fundada em 2015. As nossas principais cinco \u00e1reas s\u00e3o: forma\u00e7\u00e3o e treino, cria\u00e7\u00e3o de\u2026\n            <\/p>\n<p>              <!-- Parntner 5 --><\/p>\n<h3 class=\"subhm\">NON-FORMAL EDUCATION FOR YOUTH<br \/>\n<\/h3>\n<p>            <a class=\"partner-link\" href=\"https:\/\/ngo-nfe4y.com.ua\/\" target=\"_blank\"><br \/>\nwww.ngo-nfe4y.com.ua<br \/>\n<\/a><\/p>\n<p>\n     A organiza\u00e7\u00e3o n\u00e3o-governamental \u00abNFE 4Y\u00bb \u00e9 um centro importante de desenvolvimento de movimentos jovens sociais e de capacita\u00e7\u00e3o de l\u00edderes de uma nova gera\u00e7\u00e3o\u2026<\/p>\n<p>             <!-- Parntner 6 --><\/p>\n<h3 class=\"subhm\">IZB (Institut f\u00fcr Zukunft und Bildung)<br \/>\n<\/h3>\n<p>            <a class=\"partner-link\" href=\"https:\/\/www.izb.co.at\/\" target=\"_blank\"><br \/>\nwww.izb.co.at<br \/>\n<\/a><\/p>\n<p>\n  O IZB \u00e9 uma organiza\u00e7\u00e3o ligada diretamente \u00e0 escola de neg\u00f3cios \u00ab<br \/>\nBHAK M\u00fcrzzuschlag\u00bb. Devido a esta liga\u00e7\u00e3o, todos os projetos, especialmente os projetos Europeus\u2026<\/p>\n<\/p><\/div>\n<\/p><\/div>\n<\/div>\n<\/div>\n<div>\n<div id=\"modal-toolkit\" class=\"info-modals uk-flex-top\" uk-modal>\n<div class=\"uk-modal-dialog uk-modal-body uk-margin-auto-vertical\">\n<p>        <button class=\"uk-modal-close-default\" type=\"button\" uk-close><\/button><\/p>\n<div class=\"uk-modal-header\">\n<h2 class=\"uk-modal-title\">Kit de Recursos<\/h2>\n<p>          <img decoding=\"async\" src=\"\/wp-content\/uploads\/2023\/06\/modal-toolkit.svg\">\n        <\/div>\n<div class=\"uk-modal-body\">\n            <a href=\"\/wp-content\/uploads\/2025\/03\/Digital4All_Handbook-for-Youth-Workers_Portuguese.pdf\" class=\"modal-tool-b\" target=\"_blank\"><img decoding=\"async\" src=\"\/wp-content\/uploads\/2023\/09\/handbook-1.svg\"><\/a>\n        <\/div>\n<\/p><\/div>\n<\/div>\n<\/div>\n<div>\n<div id=\"modal-elearning\" class=\"info-modals uk-flex-top\" uk-modal>\n<div class=\"uk-modal-dialog uk-modal-body uk-margin-auto-vertical\">\n<p>        <button class=\"uk-modal-close-default\" type=\"button\" uk-close><\/button><\/p>\n<div class=\"uk-modal-header\">\n<h2 class=\"uk-modal-title\">E-learning<\/h2>\n<p>          <img decoding=\"async\" src=\"\/wp-content\/uploads\/2023\/06\/modal-elearning.svg\">\n        <\/div>\n<div class=\"uk-modal-body\">\n<h3>Em breve<\/h3>\n<p>O ambiente e-Learning disponibiliza materiais desenvolvidos ao longo do projeto e fornece aos membros acesso a stakeholders relevantes, possibilidades de rede, etc\u2026<\/p>\n<p>            <a href=\"#coming-soon\" class=\"modal-elearn-b\" target=\"_blank\"><img decoding=\"async\" src=\"\/wp-content\/uploads\/2023\/06\/elearning-inner.svg\"><\/a>\n        <\/div>\n<\/p><\/div>\n<\/div>\n<\/div>\n<div>\n<div id=\"modal-contact\" class=\"info-modals uk-flex-top\" uk-modal>\n<div class=\"uk-modal-dialog uk-modal-body uk-margin-auto-vertical\">\n<p>        <button class=\"uk-modal-close-default\" type=\"button\" uk-close><\/button><\/p>\n<div class=\"uk-modal-header\">\n<h2 class=\"uk-modal-title\">Contacto<\/h2>\n<p>          <img decoding=\"async\" src=\"\/wp-content\/uploads\/2023\/06\/modal-contact.svg\">\n        <\/div>\n<div class=\"uk-modal-body\">\n            \n<div class=\"wpcf7 no-js\" id=\"wpcf7-f2040-o1\" lang=\"pt-PT\" dir=\"ltr\" data-wpcf7-id=\"2040\">\n<div class=\"screen-reader-response\"><p role=\"status\" aria-live=\"polite\" aria-atomic=\"true\"><\/p> <ul><\/ul><\/div>\n<form action=\"\/pt-pt\/wp-json\/wp\/v2\/pages\/1270#wpcf7-f2040-o1\" method=\"post\" class=\"wpcf7-form init\" aria-label=\"Formul\u00e1rio de contacto\" novalidate=\"novalidate\" data-status=\"init\">\n<fieldset class=\"hidden-fields-container\"><input type=\"hidden\" name=\"_wpcf7\" value=\"2040\" \/><input type=\"hidden\" name=\"_wpcf7_version\" value=\"6.1.5\" \/><input type=\"hidden\" name=\"_wpcf7_locale\" value=\"pt_PT\" \/><input type=\"hidden\" name=\"_wpcf7_unit_tag\" value=\"wpcf7-f2040-o1\" \/><input type=\"hidden\" name=\"_wpcf7_container_post\" value=\"0\" \/><input type=\"hidden\" name=\"_wpcf7_posted_data_hash\" value=\"\" \/>\n<\/fieldset>\n<div class=\"wpcf7-turnstile cf-turnstile\" data-sitekey=\"0x4AAAAAACpG_TE6H1GiZ0PM\" data-response-field-name=\"_wpcf7_turnstile_response\"><\/div>\n\n<div class=\"uk-margin\">\n\t<p><span class=\"wpcf7-form-control-wrap\" data-name=\"your-name\"><input size=\"40\" maxlength=\"400\" class=\"wpcf7-form-control wpcf7-text wpcf7-validates-as-required uk-input uk-margin-small-bottom\" aria-required=\"true\" aria-invalid=\"false\" placeholder=\"Nome\" value=\"\" type=\"text\" name=\"your-name\" \/><\/span>\n\t<\/p>\n<\/div>\n<div class=\"uk-margin\">\n\t<p><span class=\"wpcf7-form-control-wrap\" data-name=\"your-email\"><input size=\"40\" maxlength=\"400\" class=\"wpcf7-form-control wpcf7-email wpcf7-validates-as-required wpcf7-text wpcf7-validates-as-email uk-input uk-margin-small-bottom\" aria-required=\"true\" aria-invalid=\"false\" placeholder=\"E-mail\" value=\"\" type=\"email\" name=\"your-email\" \/><\/span>\n\t<\/p>\n<\/div>\n<div class=\"uk-margin\">\n\t<p><span class=\"wpcf7-form-control-wrap\" data-name=\"your-subject\"><input size=\"40\" maxlength=\"400\" class=\"wpcf7-form-control wpcf7-text wpcf7-validates-as-required uk-input uk-margin-small-bottom\" aria-required=\"true\" aria-invalid=\"false\" placeholder=\"Assunto\" value=\"\" type=\"text\" name=\"your-subject\" \/><\/span>\n\t<\/p>\n<\/div>\n<div class=\"uk-margin\">\n<\/div>\n<div class=\"uk-margin\">\n\t<p><span class=\"wpcf7-form-control-wrap\" data-name=\"your-message\"><textarea cols=\"40\" rows=\"10\" maxlength=\"2000\" class=\"wpcf7-form-control wpcf7-textarea uk-textarea uk-margin-small-bottom\" aria-invalid=\"false\" placeholder=\"A tua mensagem\" name=\"your-message\"><\/textarea><\/span>\n\t<\/p>\n<\/div>\n<div class=\"uk-margin uk-text-left button-div\">\n\t<p><div class=\"cf7-cf-turnstile\" style=\"margin-top: 0px; margin-bottom: -15px;\"> <div id=\"cf-turnstile-cf7-2661652609\" class=\"cf-turnstile\" data-sitekey=\"0x4AAAAAACpG_TE6H1GiZ0PM\" data-theme=\"light\" data-language=\"auto\" data-size=\"normal\" data-retry=\"auto\" data-retry-interval=\"1000\" data-refresh-expired=\"auto\" data-refresh-timeout=\"auto\" data-action=\"contact-form-7\" data-callback=\"turnstileCF7Callback\" data-appearance=\"always\"><\/div> <script>document.addEventListener(\"DOMContentLoaded\", function() { setTimeout(function(){ var e=document.getElementById(\"cf-turnstile-cf7-2661652609\"); if(e&&!e.innerHTML.trim()){turnstile.render(e, {sitekey:\"0x4AAAAAACpG_TE6H1GiZ0PM\"});} }, 200); });<\/script> <br class=\"cf-turnstile-br cf-turnstile-br-cf7-2661652609\"> <style>#cf-turnstile-cf7-2661652609 { margin-left: -15px; }<\/style> <script>document.addEventListener(\"DOMContentLoaded\",function(){document.querySelectorAll('.wpcf7-form').forEach(function(e){e.addEventListener('submit',function(){if(document.getElementById('cf-turnstile-cf7-2661652609')){setTimeout(function(){turnstile.reset('#cf-turnstile-cf7-2661652609');},1000)}})})});<\/script> <\/div><br\/><input class=\"wpcf7-form-control wpcf7-submit has-spinner uk-button uk-button-primary\" type=\"submit\" value=\"Enviar\" \/>\n\t<\/p>\n<\/div><div class=\"wpcf7-response-output\" aria-hidden=\"true\"><\/div>\n<\/form>\n<\/div>\n<\/p><\/div>\n<\/p><\/div>\n<\/div>\n<\/div>\n<div>\n<div id=\"modal-news\" class=\"info-modals uk-flex-top\" uk-modal>\n<div class=\"uk-modal-dialog uk-modal-body uk-margin-auto-vertical\">\n<p>        <button class=\"uk-modal-close-default\" type=\"button\" uk-close><\/button><\/p>\n<div class=\"uk-modal-header\">\n<h2 class=\"uk-modal-title\">Novidades<\/h2>\n<p>          <img decoding=\"async\" src=\"\/wp-content\/uploads\/2023\/06\/modal-news.svg\">\n        <\/div>\n<div class=\"uk-modal-body\"><\/div>\n<\/p><\/div>\n<\/div>\n<\/div>\n<div>\n<\/div>\n<p><!--more--><br \/>\n<!-- {\"type\":\"layout\",\"children\":[{\"type\":\"section\",\"props\":{\"class\":\"hero-sec\",\"height\":\"full\",\"image_position\":\"center-center\",\"style\":\"default\",\"title_breakpoint\":\"xl\",\"title_position\":\"top-left\",\"title_rotation\":\"left\",\"vertical_align\":\"middle\",\"width\":\"default\"},\"children\":[{\"type\":\"row\",\"children\":[{\"type\":\"column\",\"props\":{\"image_position\":\"center-center\",\"media_overlay_gradient\":\"\",\"position_sticky_breakpoint\":\"m\"},\"children\":[{\"type\":\"image\",\"props\":{\"class\":\"heroimg\",\"image\":\"wp-content\\\/uploads\\\/2023\\\/09\\\/slog-1.svg\",\"image_svg_color\":\"emphasis\",\"margin\":\"default\",\"text_align\":\"center\"},\"name\":\"heroimg\"},{\"type\":\"module\",\"props\":{\"class\":\"switcherhome\",\"menu_image_align\":\"center\",\"menu_image_margin\":true,\"menu_style\":\"default\",\"menu_type\":\"nav\",\"type\":\"wpb_widget\",\"widget\":\"wpb_widget-9\"},\"name\":\"switccherhome\"},{\"type\":\"image\",\"props\":{\"class\":\"logo\",\"image\":\"wp-content\\\/uploads\\\/2023\\\/06\\\/logoooo.svg\",\"image_svg_color\":\"emphasis\",\"margin\":\"default\"},\"name\":\"logo\"},{\"type\":\"image\",\"props\":{\"class\":\"contactimg imgshero\",\"image\":\"wp-content\\\/uploads\\\/2023\\\/09\\\/contact-1.svg\",\"image_svg_color\":\"emphasis\",\"link\":\"#modal-contact\",\"margin\":\"default\"},\"name\":\"contactimg\"},{\"type\":\"image\",\"props\":{\"class\":\"elearningimg imgshero\",\"image\":\"wp-content\\\/uploads\\\/2023\\\/09\\\/elearning-1.svg\",\"image_svg_color\":\"emphasis\",\"link\":\"https:\\\/\\\/digital4all-project.eu\\\/elearning\\\/courses\\\/digital4all-learning-course\\\/\",\"margin\":\"default\"},\"name\":\"elearningimg\"},{\"type\":\"image\",\"props\":{\"class\":\"toolkitimg imgshero\",\"image\":\"wp-content\\\/uploads\\\/2023\\\/09\\\/toolkit-2.svg\",\"image_svg_color\":\"emphasis\",\"link\":\"#modal-toolkit\",\"margin\":\"default\"},\"name\":\"toolkitimg\"},{\"type\":\"image\",\"props\":{\"attributes\":\"\",\"class\":\"aboutimg imgshero\",\"image\":\"wp-content\\\/uploads\\\/2023\\\/09\\\/about-2.svg\",\"image_svg_color\":\"emphasis\",\"link\":\"#modal-about\",\"margin\":\"default\"},\"name\":\"aboutimg\"},{\"type\":\"image\",\"props\":{\"class\":\"partnersimg imgshero\",\"image\":\"wp-content\\\/uploads\\\/2023\\\/09\\\/partners-1.svg\",\"image_alt\":\"\",\"image_svg_color\":\"emphasis\",\"link\":\"#modal-partners\",\"margin\":\"default\"},\"name\":\"partnersimg\"},{\"type\":\"image\",\"props\":{\"class\":\"newsimg imgshero\",\"image\":\"wp-content\\\/uploads\\\/2023\\\/09\\\/news-2.svg\",\"image_svg_color\":\"emphasis\",\"link\":\"#modal-news\",\"margin\":\"default\"},\"name\":\"newsimg\"},{\"type\":\"html\",\"props\":{\"content\":\"\n\n<div id=\\\"modal-about\\\" class=\\\"info-modals uk-flex-top\\\" uk-modal>\\n    \n\n<div class=\\\"uk-modal-dialog uk-modal-body uk-margin-auto-vertical\\\">\\n\\n        <button class=\\\"uk-modal-close-default\\\" type=\\\"button\\\" uk-close><\\\/button>\\n\\n      \n\n<div class=\\\"uk-modal-header\\\">\\n            \n\n<h2 class=\\\"uk-modal-title\\\">Sobre <\\\/h2>\\n          <img src=\\\"wp-content\\\/uploads\\\/2023\\\/06\\\/modal-about.svg\\\">\\n        <\\\/div>\\n        \n\n<div class=\\\"uk-modal-body\\\">\\n        \n\n<h3 class=\\\"subhm\\\">Introdu\\u00e7\\u00e3o do projeto<\\\/h3>\\n        \n\n<p>Promover a compreens\\u00e3o de t\\u00e9cnicos da juventude e prepar\\u00e1-los para promover em jovens migrantes a literacia digital, atrav\\u00e9s da motiva\\u00e7\\u00e3o e pensamento cr\\u00edtico.<\\\/p>\\n        \\n        \n\n<h3 class=\\\"subhm\\\">Vis\\u00e3o Geral<\\\/h3>\\n        \n\n<p>Digital4all \\u00e9 baseado num projeto anterior, coordenado por KulturLife: TeDiCom (2019-1-DE02-KA204-006083). Este projeto teve como objetivo trabalhar com um grupo diversificado de parceiros Europeus, sobre como promover a literacia digital de uma forma a tornar as nossas sociedades resilientes a not\\u00edcias falsas e discurso de \\u00f3dio. A sua descoberta mais importante refere-se \\u00e0 raz\\u00e3o da propaga\\u00e7\\u00e3o de not\\u00edcias falsas online, que se identificou como sendo resultado,  maioritariamente, n\\u00e3o de uma falta de literacia digital, mas de uma falha na motiva\\u00e7\\u00e3o para questionar a informa\\u00e7\\u00e3o transmitida digitalmente. Descobriu-se, tamb\\u00e9m, que esta necessidade n\\u00e3o afeta somente a juventude e jovens adultos, mas tamb\\u00e9m professores e t\\u00e9cnicos da juventude. Assim surgiu o projeto Digital4All que aborda, de forma conceptual e pr\\u00e1tica, esta necessidade conceptualmente para os t\\u00e9cnicos da juventude. Escolhemos jovens migrantes e refugiados como o nosso grupo-alvo, devido a estarem em risco \\u00e0 informa\\u00e7\\u00e3o falsa online e da probabilidade relativamente alta de estarem envolvidos em iniciativas formais e n\\u00e3o formais de aprendizagem.\\n<\\\/p>\\n        \\n        \n\n<h3 class=\\\"subhm\\\">Objetivo<\\\/h3>\\n        \n\n<p>O projeto tem como objetivo fornecer recursos para melhorar a qualidade e a inova\\u00e7\\u00e3o das iniciativas de t\\u00e9cnicos de juventude em promover o desenvolvimento de prontid\\u00e3o digital em jovens migrantes, com enfoque em compet\\u00eancias de pensamento cr\\u00edtico para a informa\\u00e7\\u00e3o digital como forma de apoio a indiv\\u00edduos que acabaram de chegar a pa\\u00edses Europeus.\\n <\\\/p>\\n        \\n         \n\n<h3 class=\\\"subhm\\\">Objectivos\\n<\\\/h3>\\n        \n\n<p>O principal objetivo do nosso projeto \\u00e9 promover a compreens\\u00e3o e prepara\\u00e7\\u00e3o de t\\u00e9cnicos da juventude para promover a literacia digital em jovens migrantes, atrav\\u00e9s de t\\u00e9cnicas de pensamento cr\\u00edtico e motiva\\u00e7\\u00e3o, impactando assim, a sua inclus\\u00e3o. Especificamente, o projeto pretende:<br \/>\\n1. Familiarizar os t\\u00e9cnicos de juventude com compet\\u00eancias digitais e a sua rela\\u00e7\\u00e3o com processos de pensamento cr\\u00edtico<br \/>\\n2. Preparar os t\\u00e9cnicos de juventude para avaliar as capacidades de pensamento cr\\u00edtico dos jovens migrantes, experi\\u00eancias digitais e literacia <br \/>\\n3. Avaliar as necessidades dos migrantes e as suas atitudes referentes \\u00e0 literacia digital e pensamento cr\\u00edtico<br \/>\\n4. Desenvolver, colaborativamente com t\\u00e9cnicos de juventude, uma abordagem de literacia digital para os jovens migrantes <br \/>\\n5. Preparar os t\\u00e9cnicos de juventude para implementar o curso E-learning \\u201cConstruir um Mundo Digital Para todos N\\u00f3s\\u201d<br \/>\\n6. Promover o pensamento cr\\u00edtico, motiva\\u00e7\\u00e3o e literacia digital de jovens migrantes atrav\\u00e9s de um curso E-Learning.\\n <\\\/p>\\n \n\n<h3 class=\\\"subhm\\\">Resultados Esperados<\\\/h3>\\n        \n\n<p>O principal resultado consiste no desenvolvimento de compet\\u00eancias de t\\u00e9cnicos de juventude em lidar com as necessidades e o uso digital de jovens migrantes. Este objetivo ser\\u00e1 atingido atrav\\u00e9s de uma combina\\u00e7\\u00e3o de materiais de treino e um curso online para t\\u00e9cnicos de juventude,  focados na promo\\u00e7\\u00e3o da motiva\\u00e7\\u00e3o dos grupos alvo e que possam ser utilizados no seu dia-a-dia profissional. Os principais resultados s\\u00e3o: sess\\u00f5es de treino para t\\u00e9cnicos de juventude; um curso online \\u201cConstruir um Mundo Digital para Todos\\u201d, uma plataforma E-learning e um manual para t\\u00e9cnicos da juventude.\\n\\n <\\\/p>\\n            <!--\\n         \n\n<h3 class=\\\"subhm\\\">Metodologia<\\\/h3>\\n        \n\n<p>\\n            O cons\\u00f3rcio est\\u00e1 a utilizar a Metodologia IMAPCT+ para preparar o seu plano. Este considera os resultados do projeto, os seus benef\\u00edcios a curto e a longo prazo, o impacto que ser\\u00e1 alcan\\u00e7ado ap\\u00f3s o projeto, indicadores SMART e as fontes que fornecer\\u00e3o a informa\\u00e7\\u00e3o necess\\u00e1ria para o avaliar.\\n\\n <\\\/p> -->\\n        <\\\/div>\\n    <\\\/div>\\n<\\\/div>&#8220;},&#8221;name&#8221;:&#8221;modal-about&#8221;},{&#8220;type&#8221;:&#8221;html&#8221;,&#8221;props&#8221;:{&#8220;content&#8221;:&#8221;<\/p>\n<div id=\\\"modal-partners\\\" class=\\\"info-modals uk-flex-top\\\" uk-modal>\\n    <\/p>\n<div class=\\\"uk-modal-dialog uk-modal-body uk-margin-auto-vertical\\\">\\n\\n        <button class=\\\"uk-modal-close-default\\\" type=\\\"button\\\" uk-close><\\\/button>\\n\\n      <\/p>\n<div class=\\\"uk-modal-header\\\">\\n            <\/p>\n<h2 class=\\\"uk-modal-title\\\">Parceiros<\\\/h2>\\n          <img src=\\\"wp-content\\\/uploads\\\/2023\\\/06\\\/modal-partners.svg\\\">\\n        <\\\/div>\\n        <\/p>\n<div class=\\\"uk-modal-body\\\">\\n            <!-- Parntner 1 -->\\n        <\/p>\n<h3 class=\\\"subhm\\\">KULTURLIFE<\\\/h3>\\n            <a class=\\\"partner-link\\\" href=\\\"https:\\\/\\\/kultur-life.de\\\/\\\" target=\\\"_blank\\\">\\nwww.kultur-life.de<\\\/a>\\n        <\/p>\n<p>\\n           A miss\\u00e3o do parceiro KulturLife consiste na facilita\\u00e7\\u00e3o e dissemina\\u00e7\\u00e3o da aprendizagem global como um meio para viver num mundo globalizado, pac\\u00edfico e pr\\u00f3spero\\u2026\\n            <\\\/p>\\n            \\n             <!-- Parntner 2 -->\\n        <\/p>\n<h3 class=\\\"subhm\\\">RIGHTCHALLENGE<\\\/h3>\\n            <a class=\\\"partner-link\\\" href=\\\"https:\\\/\\\/rightchallenge.org\\\/\\\" target=\\\"_blank\\\">\\nwww.rightchallenge.org<\\\/a>\\n        <\/p>\n<p>\\n           A associa\\u00e7\\u00e3o RightChallenge \\u00e9 uma organiza\\u00e7\\u00e3o n\\u00e3o-governamental que tem como objetivo a promo\\u00e7\\u00e3o da educa\\u00e7\\u00e3o como um meio para inclus\\u00e3o social e igualdade de oportunidades\\u2026\\n            <\\\/p>\\n             <!-- Parntner 3 -->\\n        <\/p>\n<h3 class=\\\"subhm\\\">CARDET<\\\/h3>\\n            <a class=\\\"partner-link\\\" href=\\\"https:\\\/\\\/cardet.org\\\/\\\" target=\\\"_blank\\\">\\nwww.cardet.org<\\\/a>\\n        <\/p>\n<p>\\n         O CARDET (Centro para o Avan\\u00e7o da Investiga\\u00e7\\u00e3o e Desenvolvimento da Tecnologia Educacional) \\u00e9 uma organiza\\u00e7\\u00e3o n\\u00e3o governamental independente, de investiga\\u00e7\\u00e3o e desenvolvido, com sede no Chipre\\u2026\\n            <\\\/p>\\n            \\n                <!-- Parntner 4 -->\\n        <\/p>\n<h3 class=\\\"subhm\\\">MOBILIZING EXPERTISE AB<\\\/h3>\\n            <a class=\\\"partner-link\\\" href=\\\"https:\\\/\\\/mexpert.se\\\/\\\" target=\\\"_blank\\\">\\nwww.mexpert.se<\\\/a>\\n        <\/p>\n<p>\\n        A Mobilizing Expertise \\u00e9 uma PME Sueca de projetos n\\u00f3rdicos, Europeus e Internacionais, fundada em 2015. As nossas principais cinco \\u00e1reas s\\u00e3o: forma\\u00e7\\u00e3o e treino, cria\\u00e7\\u00e3o de\\u2026\\n            <\\\/p>\\n            \\n              <!-- Parntner 5 -->\\n        <\/p>\n<h3 class=\\\"subhm\\\">NON-FORMAL EDUCATION FOR YOUTH\\n<\\\/h3>\\n            <a class=\\\"partner-link\\\" href=\\\"https:\\\/\\\/ngo-nfe4y.com.ua\\\/\\\" target=\\\"_blank\\\">\\nwww.ngo-nfe4y.com.ua\\n<\\\/a>\\n        <\/p>\n<p>\\n     A organiza\\u00e7\\u00e3o n\\u00e3o-governamental \\u00abNFE 4Y\\u00bb \\u00e9 um centro importante de desenvolvimento de movimentos jovens sociais e de capacita\\u00e7\\u00e3o de l\\u00edderes de uma nova gera\\u00e7\\u00e3o\\u2026\\n\\n            <\\\/p>\\n             <!-- Parntner 6 -->\\n        <\/p>\n<h3 class=\\\"subhm\\\">IZB (Institut f\\u00fcr Zukunft und Bildung)\\n<\\\/h3>\\n            <a class=\\\"partner-link\\\" href=\\\"https:\\\/\\\/www.izb.co.at\\\/\\\" target=\\\"_blank\\\">\\nwww.izb.co.at\\n<\\\/a>\\n        <\/p>\n<p>\\n  O IZB \\u00e9 uma organiza\\u00e7\\u00e3o ligada diretamente \\u00e0 escola de neg\\u00f3cios \\u00ab\\nBHAK M\\u00fcrzzuschlag\\u00bb. Devido a esta liga\\u00e7\\u00e3o, todos os projetos, especialmente os projetos Europeus\\u2026\\n\\n\\n            <\\\/p>\\n        \\n        <\\\/div>\\n    <\\\/div>\\n<\\\/div>&#8220;},&#8221;name&#8221;:&#8221;modal-partners&#8221;},{&#8220;type&#8221;:&#8221;html&#8221;,&#8221;props&#8221;:{&#8220;content&#8221;:&#8221;<\/p>\n<div id=\\\"modal-toolkit\\\" class=\\\"info-modals uk-flex-top\\\" uk-modal>\\n    <\/p>\n<div class=\\\"uk-modal-dialog uk-modal-body uk-margin-auto-vertical\\\">\\n\\n        <button class=\\\"uk-modal-close-default\\\" type=\\\"button\\\" uk-close><\\\/button>\\n\\n      <\/p>\n<div class=\\\"uk-modal-header\\\">\\n            <\/p>\n<h2 class=\\\"uk-modal-title\\\">Kit de Recursos<\\\/h2>\\n          <img src=\\\"wp-content\\\/uploads\\\/2023\\\/06\\\/modal-toolkit.svg\\\">\\n        <\\\/div>\\n        <\/p>\n<div class=\\\"uk-modal-body\\\">\\n            <a href=\\\"\\\/wp-content\\\/uploads\\\/2025\\\/03\\\/Digital4All_Handbook-for-Youth-Workers_Portuguese.pdf\\\" class=\\\"modal-tool-b\\\" target=\\\"_blank\\\"><img src=\\\"wp-content\\\/uploads\\\/2023\\\/09\\\/handbook-1.svg\\\"><\\\/a> \\n        <\\\/div>\\n    <\\\/div>\\n<\\\/div>&#8220;},&#8221;name&#8221;:&#8221;modal-toolkit&#8221;},{&#8220;type&#8221;:&#8221;html&#8221;,&#8221;props&#8221;:{&#8220;content&#8221;:&#8221;<\/p>\n<div id=\\\"modal-elearning\\\" class=\\\"info-modals uk-flex-top\\\" uk-modal>\\n    <\/p>\n<div class=\\\"uk-modal-dialog uk-modal-body uk-margin-auto-vertical\\\">\\n\\n        <button class=\\\"uk-modal-close-default\\\" type=\\\"button\\\" uk-close><\\\/button>\\n\\n      <\/p>\n<div class=\\\"uk-modal-header\\\">\\n            <\/p>\n<h2 class=\\\"uk-modal-title\\\">E-learning<\\\/h2>\\n          <img src=\\\"wp-content\\\/uploads\\\/2023\\\/06\\\/modal-elearning.svg\\\">\\n        <\\\/div>\\n        <\/p>\n<div class=\\\"uk-modal-body\\\">\\n            <\/p>\n<h3>Em breve<\\\/h3>\\n            <\/p>\n<p>O ambiente e-Learning disponibiliza materiais desenvolvidos ao longo do projeto e fornece aos membros acesso a stakeholders relevantes, possibilidades de rede, etc\\u2026<\\\/p>\\n            <a href=\\\"#coming-soon\\\" class=\\\"modal-elearn-b\\\" target=\\\"_blank\\\"><img src=\\\"wp-content\\\/uploads\\\/2023\\\/06\\\/elearning-inner.svg\\\"><\\\/a> \\n        <\\\/div>\\n    <\\\/div>\\n<\\\/div>&#8220;},&#8221;name&#8221;:&#8221;modal-elearning&#8221;},{&#8220;type&#8221;:&#8221;html&#8221;,&#8221;props&#8221;:{&#8220;content&#8221;:&#8221;<\/p>\n<div id=\\\"modal-contact\\\" class=\\\"info-modals uk-flex-top\\\" uk-modal>\\n    <\/p>\n<div class=\\\"uk-modal-dialog uk-modal-body uk-margin-auto-vertical\\\">\\n\\n        <button class=\\\"uk-modal-close-default\\\" type=\\\"button\\\" uk-close><\\\/button>\\n\\n      <\/p>\n<div class=\\\"uk-modal-header\\\">\\n            <\/p>\n<h2 class=\\\"uk-modal-title\\\">Contacto<\\\/h2>\\n          <img src=\\\"wp-content\\\/uploads\\\/2023\\\/06\\\/modal-contact.svg\\\">\\n        <\\\/div>\\n        <\/p>\n<div class=\\\"uk-modal-body\\\">\\n            <p class=\"wpcf7-contact-form-not-found\"><strong>Erro:<\/strong> Formul\u00e1rio de contacto n\u00e3o encontrado.<\/p>\\n           \\n        <\\\/div>\\n    <\\\/div>\\n<\\\/div>&#8220;},&#8221;name&#8221;:&#8221;modal-contact&#8221;},{&#8220;type&#8221;:&#8221;html&#8221;,&#8221;props&#8221;:{&#8220;content&#8221;:&#8221;<\/p>\n<div id=\\\"modal-news\\\" class=\\\"info-modals uk-flex-top\\\" uk-modal>\\n    <\/p>\n<div class=\\\"uk-modal-dialog uk-modal-body uk-margin-auto-vertical\\\">\\n\\n        <button class=\\\"uk-modal-close-default\\\" type=\\\"button\\\" uk-close><\\\/button>\\n\\n      <\/p>\n<div class=\\\"uk-modal-header\\\">\\n            <\/p>\n<h2 class=\\\"uk-modal-title\\\">Novidades<\\\/h2>\\n          <img src=\\\"wp-content\\\/uploads\\\/2023\\\/06\\\/modal-news.svg\\\">\\n        <\\\/div>\\n        <\/p>\n<div class=\\\"uk-modal-body\\\">\\n            \\n           \\n        <\\\/div>\\n    <\\\/div>\\n<\\\/div>&#8220;},&#8221;name&#8221;:&#8221;modal-news&#8221;},{&#8220;type&#8221;:&#8221;grid&#8221;,&#8221;props&#8221;:{&#8220;class&#8221;:&#8221;news-grid-c&#8221;,&#8221;content_column_breakpoint&#8221;:&#8221;m&#8221;,&#8221;filter_align&#8221;:&#8221;left&#8221;,&#8221;filter_all&#8221;:true,&#8221;filter_grid_breakpoint&#8221;:&#8221;m&#8221;,&#8221;filter_grid_width&#8221;:&#8221;auto&#8221;,&#8221;filter_position&#8221;:&#8221;top&#8221;,&#8221;filter_style&#8221;:&#8221;tab&#8221;,&#8221;grid_default&#8221;:&#8221;1&#8243;,&#8221;grid_large&#8221;:&#8221;1&#8243;,&#8221;grid_medium&#8221;:&#8221;1&#8243;,&#8221;grid_small&#8221;:&#8221;1&#8243;,&#8221;grid_xlarge&#8221;:&#8221;1&#8243;,&#8221;icon_width&#8221;:80,&#8221;image_align&#8221;:&#8221;left&#8221;,&#8221;image_grid_breakpoint&#8221;:&#8221;m&#8221;,&#8221;image_grid_width&#8221;:&#8221;1-5&#8243;,&#8221;image_svg_color&#8221;:&#8221;emphasis&#8221;,&#8221;item_animation&#8221;:true,&#8221;link_style&#8221;:&#8221;default&#8221;,&#8221;link_target&#8221;:true,&#8221;link_text&#8221;:&#8221;&#8221;,&#8221;margin&#8221;:&#8221;default&#8221;,&#8221;meta_align&#8221;:&#8221;below-title&#8221;,&#8221;meta_element&#8221;:&#8221;div&#8221;,&#8221;meta_style&#8221;:&#8221;text-meta&#8221;,&#8221;panel_link&#8221;:true,&#8221;show_content&#8221;:true,&#8221;show_image&#8221;:true,&#8221;show_link&#8221;:true,&#8221;show_meta&#8221;:true,&#8221;show_title&#8221;:true,&#8221;title_align&#8221;:&#8221;top&#8221;,&#8221;title_element&#8221;:&#8221;h3&#8243;,&#8221;title_grid_breakpoint&#8221;:&#8221;m&#8221;,&#8221;title_grid_width&#8221;:&#8221;1-2&#8243;,&#8221;title_hover_style&#8221;:&#8221;reset&#8221;},&#8221;children&#8221;:[{&#8220;type&#8221;:&#8221;grid_item&#8221;,&#8221;source&#8221;:{&#8220;query&#8221;:{&#8220;name&#8221;:&#8221;posts.customPosts&#8221;,&#8221;arguments&#8221;:{&#8220;terms&#8221;:[],&#8221;category_operator&#8221;:&#8221;IN&#8221;,&#8221;post_tag_operator&#8221;:&#8221;IN&#8221;,&#8221;users&#8221;:[],&#8221;users_operator&#8221;:&#8221;IN&#8221;,&#8221;offset&#8221;:0,&#8221;limit&#8221;:1000,&#8221;order&#8221;:&#8221;date&#8221;,&#8221;order_direction&#8221;:&#8221;DESC&#8221;}},&#8221;props&#8221;:{&#8220;title&#8221;:{&#8220;filters&#8221;:{&#8220;search&#8221;:&#8221;&#8221;},&#8221;name&#8221;:&#8221;title&#8221;},&#8221;content&#8221;:{&#8220;filters&#8221;:{&#8220;search&#8221;:&#8221;&#8221;,&#8221;limit&#8221;:450},&#8221;arguments&#8221;:{&#8220;show_intro_text&#8221;:true},&#8221;name&#8221;:&#8221;content&#8221;},&#8221;image&#8221;:{&#8220;filters&#8221;:{&#8220;search&#8221;:&#8221;&#8221;},&#8221;name&#8221;:&#8221;featuredImage.url&#8221;},&#8221;link&#8221;:{&#8220;filters&#8221;:{&#8220;search&#8221;:&#8221;&#8221;},&#8221;name&#8221;:&#8221;link&#8221;}}}}]}]}]}]}],&#8221;version&#8221;:&#8221;3.0.20&#8243;} &#8211;><\/p>\n","protected":false},"excerpt":{"rendered":"<p>Sobre Introdu\u00e7\u00e3o do projeto Promover a compreens\u00e3o de t\u00e9cnicos da juventude e prepar\u00e1-los para promover em jovens migrantes a literacia digital, atrav\u00e9s da motiva\u00e7\u00e3o e..<\/p>\n","protected":false},"author":1,"featured_media":0,"parent":0,"menu_order":0,"comment_status":"closed","ping_status":"closed","template":"","meta":{"_acf_changed":false,"inline_featured_image":false,"footnotes":""},"class_list":["post-1270","page","type-page","status-publish","hentry"],"acf":[],"_links":{"self":[{"href":"https:\/\/digital4all-project.eu\/pt-pt\/wp-json\/wp\/v2\/pages\/1270","targetHints":{"allow":["GET"]}}],"collection":[{"href":"https:\/\/digital4all-project.eu\/pt-pt\/wp-json\/wp\/v2\/pages"}],"about":[{"href":"https:\/\/digital4all-project.eu\/pt-pt\/wp-json\/wp\/v2\/types\/page"}],"author":[{"embeddable":true,"href":"https:\/\/digital4all-project.eu\/pt-pt\/wp-json\/wp\/v2\/users\/1"}],"replies":[{"embeddable":true,"href":"https:\/\/digital4all-project.eu\/pt-pt\/wp-json\/wp\/v2\/comments?post=1270"}],"version-history":[{"count":13,"href":"https:\/\/digital4all-project.eu\/pt-pt\/wp-json\/wp\/v2\/pages\/1270\/revisions"}],"predecessor-version":[{"id":2236,"href":"https:\/\/digital4all-project.eu\/pt-pt\/wp-json\/wp\/v2\/pages\/1270\/revisions\/2236"}],"wp:attachment":[{"href":"https:\/\/digital4all-project.eu\/pt-pt\/wp-json\/wp\/v2\/media?parent=1270"}],"curies":[{"name":"wp","href":"https:\/\/api.w.org\/{rel}","templated":true}]}}